{"id":3000,"date":"2026-08-19T14:41:06","date_gmt":"2026-08-19T12:41:06","guid":{"rendered":"https:\/\/magvdpphotographie.com\/?page_id=3000"},"modified":"2026-08-19T15:28:00","modified_gmt":"2026-08-19T13:28:00","slug":"duo-ventre-rond-nouveau-ne","status":"publish","type":"page","link":"https:\/\/magvdpphotographie.com\/?page_id=3000","title":{"rendered":"Duo ventre rond &#038; nouveau-n\u00e9"},"content":{"rendered":"\n<h5 class=\"has-text-align-center\">\u00ab\u00a0Etre enceinte, c&rsquo;est vivre \u00e0 deux dans un m\u00eame corps, au m\u00eame rythme.\u00a0\u00bb<\/h5>\n\n\n\n<p class=\"has-text-align-right\">~~Jacques Salom\u00e9<\/p>\n\n\n\n<p class=\"has-text-align-center\">La grossesse est \u00e9ph\u00e9m\u00e8re, c&rsquo;est la premi\u00e8re \u00e9tape d&rsquo;un changement de vie, le d\u00e9but de la cr\u00e9ation de votre famille. Comment expliquer \u00e0 votre enfant d&rsquo;o\u00f9 il vient si vous n&rsquo;avez pas des images \u00e0 lui montrer?<\/p>\n\n\n\n<p class=\"has-text-align-center\">Comment vous souvenir de cette p\u00e9riode de votre vie sans l&rsquo;avoir immortalis\u00e9e?&nbsp;<\/p>\n\n\n\n<p class=\"has-text-align-center\">Vous \u00eates complex\u00e9e par ce nouveau corps? Vous ne vous sentez pas belle? Et pourtant vous \u00eates magnifique et je suis l\u00e0 pour vous le prouver! Mon r\u00f4le est de vous mettre \u00e0 l&rsquo;aise, vous guider et vous mettre en valeur par des poses qui d\u00e9voileront votre si beau ventre tout en sublimant le reste de votre corps&#8230;<\/p>\n\n\n\n<p class=\"has-text-align-center\">N&rsquo;h\u00e9sitez plus!<\/p>\n\n\n\n<h5 class=\"has-text-align-center\">L&rsquo;exp\u00e9rience comprend:<\/h5>\n\n\n\n<p class=\"has-text-align-center\">==&gt; prises de contact et r\u00e9ponses \u00e0 toutes vos questions<\/p>\n\n\n\n<p class=\"has-text-align-center\">==&gt; pr\u00e9paration du contrat<\/p>\n\n\n\n<p class=\"has-text-align-center\">==&gt; conseils vestimentaires<\/p>\n\n\n\n<p class=\"has-text-align-center\">==> accueil, boissons, friandises<\/p>\n\n\n\n<p class=\"has-text-align-center\">==&gt; pr\u00eat de robes, accessoires, tenues diverses<\/p>\n\n\n\n<p class=\"has-text-align-center\">==&gt; temps de prise de vues (1 \u00e0 2h)<\/p>\n\n\n\n<p class=\"has-text-align-center\">==&gt; premier tri des photos<\/p>\n\n\n\n<p class=\"has-text-align-center\">==&gt; envoi d&rsquo;une galerie pour faire votre choix de photos<\/p>\n\n\n\n<p class=\"has-text-align-center\">==&gt; post traitement et t\u00e9l\u00e9chargement des photos en HD en couleurs ET en noir et blanc<\/p>\n\n\n\n<p class=\"has-text-align-center\">==&gt; possibilit\u00e9 de commander des supports papiers qui vous auront \u00e9t\u00e9 pr\u00e9sent\u00e9s<\/p>\n\n\n\n<p class=\"has-text-align-center\">Pour plus d&rsquo;informations, <a href=\"https:\/\/magvdpphotographie.com\/?page_id=9\">contactez moi<\/a>.<\/p>\n\n\n\n<p class=\"has-text-align-center\"><em>Pour les s\u00e9ances en ext\u00e9rieur, un suppl\u00e9ment vous sera demand\u00e9 pour un d\u00e9placement \u00e0 plus de 10km de chez moi.<\/em><\/p>\n\n\n<div class=\"wp-block-image\">\n<figure class=\"aligncenter size-full is-resized\"><img decoding=\"async\" loading=\"lazy\" src=\"https:\/\/magvdpphotographie.com\/wp-content\/uploads\/2026\/08\/unnamed-file.jpg\" alt=\"\" class=\"wp-image-3004\" width=\"118\" height=\"132\" srcset=\"https:\/\/magvdpphotographie.com\/wp-content\/uploads\/2026\/08\/unnamed-file.jpg 1044w, https:\/\/magvdpphotographie.com\/wp-content\/uploads\/2026\/08\/unnamed-file-533x600.jpg 533w, https:\/\/magvdpphotographie.com\/wp-content\/uploads\/2026\/08\/unnamed-file-768x864.jpg 768w, https:\/\/magvdpphotographie.com\/wp-content\/uploads\/2026\/08\/unnamed-file-53x60.jpg 53w\" sizes=\"(max-width: 118px) 100vw, 118px\" \/><\/figure><\/div>\n\n\n<h5 class=\"has-text-align-center\">\u00ab\u00a0Vivre la naissance d&rsquo;un enfant est notre chance la plus accessible de saisir le sens du mot miracle.\u00a0\u00bb<\/h5>\n\n\n\n<p class=\"has-text-align-right\">~~Paul Carvel<\/p>\n\n\n\n<p class=\"has-text-align-center\">Ses mains si petites, ses pieds tout potel\u00e9s, son tout petit nez, ses l\u00e8vres si fines, ses cheveux naissants ou au contraire son \u00e9paisse crini\u00e8re&#8230; Ses oreilles, ses yeux, ses joues \u00e0 bisous&#8230; Tous ces d\u00e9tails qu&rsquo;on aimerait garder dans la t\u00eate&#8230;<\/p>\n\n\n\n<p class=\"has-text-align-center\">Et pourtant ils changent si vite&#8230; et on oublie&#8230;<\/p>\n\n\n\n<p class=\"has-text-align-center\">Offrez-vous ce souvenir si pr\u00e9cieux.<\/p>\n\n\n\n<p class=\"has-text-align-center\">Et plus tard, devenus parents \u00e0 leur tour, ils ressortiront les photos pour savoir \u00e0 qui ressemble leur b\u00e9b\u00e9&#8230;&nbsp;<\/p>\n\n\n\n<p class=\"has-text-align-center\">Mes ann\u00e9es d&rsquo;exp\u00e9rience en cr\u00e8che et les formations que j&rsquo;ai suivies sont indispensables pour vous assurer la s\u00e9curit\u00e9 et le bien-\u00eatre de votre si petit b\u00e9b\u00e9 lors de la s\u00e9ance. Douceur, patience, bienveillance, respect du rythme, savoir-faire, sont les ma\u00eetres mots dans mon studio.<\/p>\n\n\n\n<p class=\"has-text-align-center\">N&rsquo;h\u00e9sitez plus!<\/p>\n\n\n\n<h5 class=\"has-text-align-center\">L&rsquo;exp\u00e9rience comprend:<\/h5>\n\n\n\n<p class=\"has-text-align-center\">==&gt; prises de contact et r\u00e9ponses \u00e0 toutes vos questions<\/p>\n\n\n\n<p class=\"has-text-align-center\">==&gt; pr\u00e9paration du contrat<\/p>\n\n\n\n<p class=\"has-text-align-center\">==&gt; conseils vestimentaires<\/p>\n\n\n\n<p class=\"has-text-align-center\">==&gt; pr\u00e9paration du studio<\/p>\n\n\n\n<p class=\"has-text-align-center\">==> accueil, boissons, friandises<\/p>\n\n\n\n<p class=\"has-text-align-center\">==&gt; pr\u00eat d&rsquo;accessoires, tenues, contenants<\/p>\n\n\n\n<p class=\"has-text-align-center\">==&gt; manipulations du b\u00e9b\u00e9<\/p>\n\n\n\n<p class=\"has-text-align-center\">==&gt; temps de prise de vues (2 \u00e0 4h)<\/p>\n\n\n\n<p class=\"has-text-align-center\">==&gt; premier tri des photos<\/p>\n\n\n\n<p class=\"has-text-align-center\">==&gt; envoi d&rsquo;une galerie pour faire votre choix de photos<\/p>\n\n\n\n<p class=\"has-text-align-center\">==&gt; post traitement et t\u00e9l\u00e9chargement des photos en HD en couleurs ET en noir et blanc<\/p>\n\n\n\n<p class=\"has-text-align-center\">==&gt; possibilit\u00e9 de commander des supports papiers qui vous auront \u00e9t\u00e9 pr\u00e9sent\u00e9s<\/p>\n\n\n\n<p class=\"has-text-align-center\">Pour plus d&rsquo;informations, <a href=\"https:\/\/magvdpphotographie.com\/?page_id=9\">contactez moi<\/a>.<\/p>\n\n\n\n<figure class=\"wp-block-image size-full\"><img decoding=\"async\" src=\"https:\/\/magvdpphotographie.com\/wp-content\/uploads\/2026\/08\/pack-ventre-rond-nouveau-ne-1.jpg\" alt=\"\" class=\"wp-image-3002\"\/><\/figure>\n","protected":false},"excerpt":{"rendered":"<p>\u00ab\u00a0Etre enceinte, c&rsquo;est vivre \u00e0 deux dans un m\u00eame corps, au m\u00eame rythme.\u00a0\u00bb ~~Jacques Salom\u00e9 La grossesse est \u00e9ph\u00e9m\u00e8re, c&rsquo;est la premi\u00e8re \u00e9tape d&rsquo;un changement de vie, le d\u00e9but de la cr\u00e9ation de votre famille. Comment expliquer \u00e0 votre enfant d&rsquo;o\u00f9 il vient si vous n&rsquo;avez pas des images \u00e0 lui montrer? Comment vous souvenir &hellip; <\/p>\n","protected":false},"author":1,"featured_media":0,"parent":18,"menu_order":0,"comment_status":"closed","ping_status":"closed","template":"","meta":[],"_links":{"self":[{"href":"https:\/\/magvdpphotographie.com\/index.php?rest_route=\/wp\/v2\/pages\/3000"}],"collection":[{"href":"https:\/\/magvdpphotographie.com\/index.php?rest_route=\/wp\/v2\/pages"}],"about":[{"href":"https:\/\/magvdpphotographie.com\/index.php?rest_route=\/wp\/v2\/types\/page"}],"author":[{"embeddable":true,"href":"https:\/\/magvdpphotographie.com\/index.php?rest_route=\/wp\/v2\/users\/1"}],"replies":[{"embeddable":true,"href":"https:\/\/magvdpphotographie.com\/index.php?rest_route=%2Fwp%2Fv2%2Fcomments&post=3000"}],"version-history":[{"count":2,"href":"https:\/\/magvdpphotographie.com\/index.php?rest_route=\/wp\/v2\/pages\/3000\/revisions"}],"predecessor-version":[{"id":3045,"href":"https:\/\/magvdpphotographie.com\/index.php?rest_route=\/wp\/v2\/pages\/3000\/revisions\/3045"}],"up":[{"embeddable":true,"href":"https:\/\/magvdpphotographie.com\/index.php?rest_route=\/wp\/v2\/pages\/18"}],"wp:attachment":[{"href":"https:\/\/magvdpphotographie.com\/index.php?rest_route=%2Fwp%2Fv2%2Fmedia&parent=3000"}],"curies":[{"name":"wp","href":"https:\/\/api.w.org\/{rel}","templated":true}]}}